{"id":998,"date":"2024-09-06T15:20:34","date_gmt":"2024-09-06T13:20:34","guid":{"rendered":"https:\/\/agora-dodes.fr\/?post_type=tribe_events&#038;p=998"},"modified":"2024-09-06T15:20:34","modified_gmt":"2024-09-06T13:20:34","slug":"resiliences-cafe-auto-organisation-4-reinventer-le-controle-des-equipes","status":"publish","type":"tribe_events","link":"https:\/\/agora-dodes.fr\/event\/resiliences-cafe-auto-organisation-4-reinventer-le-controle-des-equipes\/","title":{"rendered":"Resiliences \u2b55\ufe0f Caf\u00e9 auto-organisation #4 &#8211; R\u00e9inventer le contr\u00f4le des \u00e9quipes"},"content":{"rendered":"<p>\ud83d\ude80 Dans la quatri\u00e8me \u00e9dition de notre s\u00e9rie \u00ab Osez l\u2019auto-organisation \u00bb, nous explorerons comment\u00a0<strong>\u00ab r\u00e9inventer le contr\u00f4le des \u00e9quipes \u00bb.<\/strong>\u00a0Qu\u2019est-ce que le contr\u00f4le ? Pourquoi pense-t-on \u00e0 tort qu\u2019il est absent des organisations responsabilisantes ? En explorant les m\u00e9canismes concrets d\u2019entreprises pionni\u00e8res, nous apprendrons ensemble comment mettre en place des m\u00e9thodes de r\u00e9gulation collective plut\u00f4t que d\u2019avoir des chefs qui contr\u00f4lent les collaborateurs de leur \u00e9quipe.<\/p>\n","protected":false},"excerpt":{"rendered":"<p>\ud83d\ude80 Dans la quatri\u00e8me \u00e9dition de notre s\u00e9rie \u00ab Osez l\u2019auto-organisation \u00bb, nous explorerons comment\u00a0\u00ab r\u00e9inventer le contr\u00f4le des \u00e9quipes \u00bb.\u00a0Qu\u2019est-ce que le contr\u00f4le ? Pourquoi pense-t-on \u00e0 tort qu\u2019il [&hellip;]<\/p>\n","protected":false},"author":1,"featured_media":983,"comment_status":"open","ping_status":"closed","template":"","meta":{"_acf_changed":false,"_et_pb_use_builder":"","_et_pb_old_content":"","_et_gb_content_width":"","_monsterinsights_skip_tracking":false,"_monsterinsights_sitenote_active":false,"_monsterinsights_sitenote_note":"","_monsterinsights_sitenote_category":0,"_uf_show_specific_survey":0,"_uf_disable_surveys":false,"_price":"","_stock":"","_tribe_ticket_header":"","_tribe_default_ticket_provider":"","_tribe_ticket_capacity":"0","_ticket_start_date":"","_ticket_end_date":"","_tribe_ticket_show_description":"","_tribe_ticket_show_not_going":false,"_tribe_ticket_use_global_stock":"","_tribe_ticket_global_stock_level":"","_global_stock_mode":"","_global_stock_cap":"","_tribe_rsvp_for_event":"","_tribe_ticket_going_count":"","_tribe_ticket_not_going_count":"","_tribe_tickets_list":"[]","_tribe_ticket_has_attendee_info_fields":false,"_tribe_events_status":"","_tribe_events_status_reason":"","footnotes":""},"tags":[],"tribe_events_cat":[20],"class_list":["post-998","tribe_events","type-tribe_events","status-publish","has-post-thumbnail","hentry","tribe_events_cat-evenements-du-reseau","cat_evenements-du-reseau"],"acf":[],"aioseo_notices":[],"yoast_head":"<!-- This site is optimized with the Yoast SEO plugin v23.2 - https:\/\/yoast.com\/wordpress\/plugins\/seo\/ -->\n<title>Resiliences \u2b55\ufe0f Caf\u00e9 auto-organisation #4 - R\u00e9inventer le contr\u00f4le des \u00e9quipes - Agora D.O.D.E.S.<\/title>\n<meta name=\"robots\" content=\"index, follow, max-snippet:-1, max-image-preview:large, max-video-preview:-1\" \/>\n<link rel=\"canonical\" href=\"https:\/\/agora-dodes.fr\/event\/resiliences-cafe-auto-organisation-4-reinventer-le-controle-des-equipes\/\" \/>\n<meta property=\"og:locale\" content=\"fr_FR\" \/>\n<meta property=\"og:type\" content=\"article\" \/>\n<meta property=\"og:title\" content=\"Resiliences \u2b55\ufe0f Caf\u00e9 auto-organisation #4 - R\u00e9inventer le contr\u00f4le des \u00e9quipes - Agora D.O.D.E.S.\" \/>\n<meta property=\"og:description\" content=\"\ud83d\ude80 Dans la quatri\u00e8me \u00e9dition de notre s\u00e9rie \u00ab Osez l\u2019auto-organisation \u00bb, nous explorerons comment\u00a0\u00ab r\u00e9inventer le contr\u00f4le des \u00e9quipes \u00bb.\u00a0Qu\u2019est-ce que le contr\u00f4le ? Pourquoi pense-t-on \u00e0 tort qu\u2019il [&hellip;]\" \/>\n<meta property=\"og:url\" content=\"https:\/\/agora-dodes.fr\/event\/resiliences-cafe-auto-organisation-4-reinventer-le-controle-des-equipes\/\" \/>\n<meta property=\"og:site_name\" content=\"Agora D.O.D.E.S.\" \/>\n<meta property=\"og:image\" content=\"https:\/\/agora-dodes.fr\/wp-content\/uploads\/2024\/09\/https___cdn.evbuc_.com_images_823739289_1859442033933_1_original.png\" \/>\n\t<meta property=\"og:image:width\" content=\"940\" \/>\n\t<meta property=\"og:image:height\" content=\"470\" \/>\n\t<meta property=\"og:image:type\" content=\"image\/png\" \/>\n<meta name=\"twitter:card\" content=\"summary_large_image\" \/>\n<meta name=\"twitter:label1\" content=\"Dur\u00e9e de lecture estim\u00e9e\" \/>\n\t<meta name=\"twitter:data1\" content=\"1 minute\" \/>\n<script type=\"application\/ld+json\" class=\"yoast-schema-graph\">{\"@context\":\"https:\/\/schema.org\",\"@graph\":[{\"@type\":\"WebPage\",\"@id\":\"https:\/\/agora-dodes.fr\/event\/resiliences-cafe-auto-organisation-4-reinventer-le-controle-des-equipes\/\",\"url\":\"https:\/\/agora-dodes.fr\/event\/resiliences-cafe-auto-organisation-4-reinventer-le-controle-des-equipes\/\",\"name\":\"Resiliences \u2b55\ufe0f Caf\u00e9 auto-organisation #4 - R\u00e9inventer le contr\u00f4le des \u00e9quipes - Agora D.O.D.E.S.\",\"isPartOf\":{\"@id\":\"https:\/\/agora-dodes.fr\/#website\"},\"primaryImageOfPage\":{\"@id\":\"https:\/\/agora-dodes.fr\/event\/resiliences-cafe-auto-organisation-4-reinventer-le-controle-des-equipes\/#primaryimage\"},\"image\":{\"@id\":\"https:\/\/agora-dodes.fr\/event\/resiliences-cafe-auto-organisation-4-reinventer-le-controle-des-equipes\/#primaryimage\"},\"thumbnailUrl\":\"https:\/\/agora-dodes.fr\/wp-content\/uploads\/2024\/09\/https___cdn.evbuc_.com_images_823739289_1859442033933_1_original.png\",\"datePublished\":\"2024-09-06T13:20:34+00:00\",\"dateModified\":\"2024-09-06T13:20:34+00:00\",\"breadcrumb\":{\"@id\":\"https:\/\/agora-dodes.fr\/event\/resiliences-cafe-auto-organisation-4-reinventer-le-controle-des-equipes\/#breadcrumb\"},\"inLanguage\":\"fr-FR\",\"potentialAction\":[{\"@type\":\"ReadAction\",\"target\":[\"https:\/\/agora-dodes.fr\/event\/resiliences-cafe-auto-organisation-4-reinventer-le-controle-des-equipes\/\"]}]},{\"@type\":\"ImageObject\",\"inLanguage\":\"fr-FR\",\"@id\":\"https:\/\/agora-dodes.fr\/event\/resiliences-cafe-auto-organisation-4-reinventer-le-controle-des-equipes\/#primaryimage\",\"url\":\"https:\/\/agora-dodes.fr\/wp-content\/uploads\/2024\/09\/https___cdn.evbuc_.com_images_823739289_1859442033933_1_original.png\",\"contentUrl\":\"https:\/\/agora-dodes.fr\/wp-content\/uploads\/2024\/09\/https___cdn.evbuc_.com_images_823739289_1859442033933_1_original.png\",\"width\":940,\"height\":470},{\"@type\":\"BreadcrumbList\",\"@id\":\"https:\/\/agora-dodes.fr\/event\/resiliences-cafe-auto-organisation-4-reinventer-le-controle-des-equipes\/#breadcrumb\",\"itemListElement\":[{\"@type\":\"ListItem\",\"position\":1,\"name\":\"Accueil\",\"item\":\"https:\/\/agora-dodes.fr\/\"},{\"@type\":\"ListItem\",\"position\":2,\"name\":\"\u00c9v\u00e8nements\",\"item\":\"https:\/\/agora-dodes.fr\/events\/\"},{\"@type\":\"ListItem\",\"position\":3,\"name\":\"Resiliences \u2b55\ufe0f Caf\u00e9 auto-organisation #4 &#8211; R\u00e9inventer le contr\u00f4le des \u00e9quipes\"}]},{\"@type\":\"WebSite\",\"@id\":\"https:\/\/agora-dodes.fr\/#website\",\"url\":\"https:\/\/agora-dodes.fr\/\",\"name\":\"Agora D.O.D.E.S.\",\"description\":\"Dynamiques et Organisations de la D\u00e9mocratie Economique et Sociale\",\"publisher\":{\"@id\":\"https:\/\/agora-dodes.fr\/#organization\"},\"potentialAction\":[{\"@type\":\"SearchAction\",\"target\":{\"@type\":\"EntryPoint\",\"urlTemplate\":\"https:\/\/agora-dodes.fr\/?s={search_term_string}\"},\"query-input\":\"required name=search_term_string\"}],\"inLanguage\":\"fr-FR\"},{\"@type\":\"Organization\",\"@id\":\"https:\/\/agora-dodes.fr\/#organization\",\"name\":\"Agora D.O.D.E.S.\",\"url\":\"https:\/\/agora-dodes.fr\/\",\"logo\":{\"@type\":\"ImageObject\",\"inLanguage\":\"fr-FR\",\"@id\":\"https:\/\/agora-dodes.fr\/#\/schema\/logo\/image\/\",\"url\":\"https:\/\/agora-dodes.fr\/wp-content\/uploads\/2024\/07\/AGORA-DODES-Logo-1.png\",\"contentUrl\":\"https:\/\/agora-dodes.fr\/wp-content\/uploads\/2024\/07\/AGORA-DODES-Logo-1.png\",\"width\":1500,\"height\":1500,\"caption\":\"Agora D.O.D.E.S.\"},\"image\":{\"@id\":\"https:\/\/agora-dodes.fr\/#\/schema\/logo\/image\/\"},\"sameAs\":[\"https:\/\/www.linkedin.com\/company\/agora-dodes\"]}]}<\/script>\n<!-- \/ Yoast SEO plugin. -->","yoast_head_json":{"title":"Resiliences \u2b55\ufe0f Caf\u00e9 auto-organisation #4 - R\u00e9inventer le contr\u00f4le des \u00e9quipes - Agora D.O.D.E.S.","robots":{"index":"index","follow":"follow","max-snippet":"max-snippet:-1","max-image-preview":"max-image-preview:large","max-video-preview":"max-video-preview:-1"},"canonical":"https:\/\/agora-dodes.fr\/event\/resiliences-cafe-auto-organisation-4-reinventer-le-controle-des-equipes\/","og_locale":"fr_FR","og_type":"article","og_title":"Resiliences \u2b55\ufe0f Caf\u00e9 auto-organisation #4 - R\u00e9inventer le contr\u00f4le des \u00e9quipes - Agora D.O.D.E.S.","og_description":"\ud83d\ude80 Dans la quatri\u00e8me \u00e9dition de notre s\u00e9rie \u00ab Osez l\u2019auto-organisation \u00bb, nous explorerons comment\u00a0\u00ab r\u00e9inventer le contr\u00f4le des \u00e9quipes \u00bb.\u00a0Qu\u2019est-ce que le contr\u00f4le ? Pourquoi pense-t-on \u00e0 tort qu\u2019il [&hellip;]","og_url":"https:\/\/agora-dodes.fr\/event\/resiliences-cafe-auto-organisation-4-reinventer-le-controle-des-equipes\/","og_site_name":"Agora D.O.D.E.S.","og_image":[{"width":940,"height":470,"url":"https:\/\/agora-dodes.fr\/wp-content\/uploads\/2024\/09\/https___cdn.evbuc_.com_images_823739289_1859442033933_1_original.png","type":"image\/png"}],"twitter_card":"summary_large_image","twitter_misc":{"Dur\u00e9e de lecture estim\u00e9e":"1 minute"},"schema":{"@context":"https:\/\/schema.org","@graph":[{"@type":"WebPage","@id":"https:\/\/agora-dodes.fr\/event\/resiliences-cafe-auto-organisation-4-reinventer-le-controle-des-equipes\/","url":"https:\/\/agora-dodes.fr\/event\/resiliences-cafe-auto-organisation-4-reinventer-le-controle-des-equipes\/","name":"Resiliences \u2b55\ufe0f Caf\u00e9 auto-organisation #4 - R\u00e9inventer le contr\u00f4le des \u00e9quipes - Agora D.O.D.E.S.","isPartOf":{"@id":"https:\/\/agora-dodes.fr\/#website"},"primaryImageOfPage":{"@id":"https:\/\/agora-dodes.fr\/event\/resiliences-cafe-auto-organisation-4-reinventer-le-controle-des-equipes\/#primaryimage"},"image":{"@id":"https:\/\/agora-dodes.fr\/event\/resiliences-cafe-auto-organisation-4-reinventer-le-controle-des-equipes\/#primaryimage"},"thumbnailUrl":"https:\/\/agora-dodes.fr\/wp-content\/uploads\/2024\/09\/https___cdn.evbuc_.com_images_823739289_1859442033933_1_original.png","datePublished":"2024-09-06T13:20:34+00:00","dateModified":"2024-09-06T13:20:34+00:00","breadcrumb":{"@id":"https:\/\/agora-dodes.fr\/event\/resiliences-cafe-auto-organisation-4-reinventer-le-controle-des-equipes\/#breadcrumb"},"inLanguage":"fr-FR","potentialAction":[{"@type":"ReadAction","target":["https:\/\/agora-dodes.fr\/event\/resiliences-cafe-auto-organisation-4-reinventer-le-controle-des-equipes\/"]}]},{"@type":"ImageObject","inLanguage":"fr-FR","@id":"https:\/\/agora-dodes.fr\/event\/resiliences-cafe-auto-organisation-4-reinventer-le-controle-des-equipes\/#primaryimage","url":"https:\/\/agora-dodes.fr\/wp-content\/uploads\/2024\/09\/https___cdn.evbuc_.com_images_823739289_1859442033933_1_original.png","contentUrl":"https:\/\/agora-dodes.fr\/wp-content\/uploads\/2024\/09\/https___cdn.evbuc_.com_images_823739289_1859442033933_1_original.png","width":940,"height":470},{"@type":"BreadcrumbList","@id":"https:\/\/agora-dodes.fr\/event\/resiliences-cafe-auto-organisation-4-reinventer-le-controle-des-equipes\/#breadcrumb","itemListElement":[{"@type":"ListItem","position":1,"name":"Accueil","item":"https:\/\/agora-dodes.fr\/"},{"@type":"ListItem","position":2,"name":"\u00c9v\u00e8nements","item":"https:\/\/agora-dodes.fr\/events\/"},{"@type":"ListItem","position":3,"name":"Resiliences \u2b55\ufe0f Caf\u00e9 auto-organisation #4 &#8211; R\u00e9inventer le contr\u00f4le des \u00e9quipes"}]},{"@type":"WebSite","@id":"https:\/\/agora-dodes.fr\/#website","url":"https:\/\/agora-dodes.fr\/","name":"Agora D.O.D.E.S.","description":"Dynamiques et Organisations de la D\u00e9mocratie Economique et Sociale","publisher":{"@id":"https:\/\/agora-dodes.fr\/#organization"},"potentialAction":[{"@type":"SearchAction","target":{"@type":"EntryPoint","urlTemplate":"https:\/\/agora-dodes.fr\/?s={search_term_string}"},"query-input":"required name=search_term_string"}],"inLanguage":"fr-FR"},{"@type":"Organization","@id":"https:\/\/agora-dodes.fr\/#organization","name":"Agora D.O.D.E.S.","url":"https:\/\/agora-dodes.fr\/","logo":{"@type":"ImageObject","inLanguage":"fr-FR","@id":"https:\/\/agora-dodes.fr\/#\/schema\/logo\/image\/","url":"https:\/\/agora-dodes.fr\/wp-content\/uploads\/2024\/07\/AGORA-DODES-Logo-1.png","contentUrl":"https:\/\/agora-dodes.fr\/wp-content\/uploads\/2024\/07\/AGORA-DODES-Logo-1.png","width":1500,"height":1500,"caption":"Agora D.O.D.E.S."},"image":{"@id":"https:\/\/agora-dodes.fr\/#\/schema\/logo\/image\/"},"sameAs":["https:\/\/www.linkedin.com\/company\/agora-dodes"]}]}},"ticketed":false,"_links":{"self":[{"href":"https:\/\/agora-dodes.fr\/wp-json\/wp\/v2\/tribe_events\/998","targetHints":{"allow":["GET"]}}],"collection":[{"href":"https:\/\/agora-dodes.fr\/wp-json\/wp\/v2\/tribe_events"}],"about":[{"href":"https:\/\/agora-dodes.fr\/wp-json\/wp\/v2\/types\/tribe_events"}],"author":[{"embeddable":true,"href":"https:\/\/agora-dodes.fr\/wp-json\/wp\/v2\/users\/1"}],"replies":[{"embeddable":true,"href":"https:\/\/agora-dodes.fr\/wp-json\/wp\/v2\/comments?post=998"}],"version-history":[{"count":1,"href":"https:\/\/agora-dodes.fr\/wp-json\/wp\/v2\/tribe_events\/998\/revisions"}],"predecessor-version":[{"id":999,"href":"https:\/\/agora-dodes.fr\/wp-json\/wp\/v2\/tribe_events\/998\/revisions\/999"}],"wp:featuredmedia":[{"embeddable":true,"href":"https:\/\/agora-dodes.fr\/wp-json\/wp\/v2\/media\/983"}],"wp:attachment":[{"href":"https:\/\/agora-dodes.fr\/wp-json\/wp\/v2\/media?parent=998"}],"wp:term":[{"taxonomy":"post_tag","embeddable":true,"href":"https:\/\/agora-dodes.fr\/wp-json\/wp\/v2\/tags?post=998"},{"taxonomy":"tribe_events_cat","embeddable":true,"href":"https:\/\/agora-dodes.fr\/wp-json\/wp\/v2\/tribe_events_cat?post=998"}],"curies":[{"name":"wp","href":"https:\/\/api.w.org\/{rel}","templated":true}]}}