{"id":982,"date":"2024-09-06T12:51:42","date_gmt":"2024-09-06T10:51:42","guid":{"rendered":"https:\/\/agora-dodes.fr\/?post_type=tribe_events&#038;p=982"},"modified":"2024-09-06T12:53:24","modified_gmt":"2024-09-06T10:53:24","slug":"resiliences-cafe-auto-organisation-1-preferer-les-roles-aux-fiches-de-poste","status":"publish","type":"tribe_events","link":"https:\/\/agora-dodes.fr\/event\/resiliences-cafe-auto-organisation-1-preferer-les-roles-aux-fiches-de-poste\/","title":{"rendered":"Resiliences \u2b55\ufe0f Caf\u00e9 auto-organisation #1 &#8211; pr\u00e9f\u00e9rer les r\u00f4les aux fiches de poste"},"content":{"rendered":"<p>Comment engager davantage ses collaborateurs ? Comment mettre en place une organisation qui favorise la prise d\u2019initiatives et la responsabilisation ? Est-ce vraiment possible dans toutes les entreprises ? Et surtout, comment faire quand je me sens isol\u00e9 dans l\u2019entreprise sur ces sujets ?<\/p>\n<p>Dans un monde toujours plus complexe et incertain, nos organisations pyramidales semblent bien mal adapt\u00e9es. En t\u00e9moigne notre monde du travail qui r\u00e9v\u00e8le un d\u00e9sengagement profond, avec seulement 20% des travailleurs se sentant r\u00e9ellement impliqu\u00e9s dans leur profession. Face \u00e0 la complexit\u00e9 de ces crises, il est urgent d&rsquo;initier une m\u00e9tamorphose profonde, voire radicale de nos modes de vie, de travail, et de production. Il est temps pour les entreprises de repenser leur organisation du travail et de mobiliser autrement leurs ressources.<\/p>\n","protected":false},"excerpt":{"rendered":"<p>Comment engager davantage ses collaborateurs ? Comment mettre en place une organisation qui favorise la prise d\u2019initiatives et la responsabilisation ? Est-ce vraiment possible dans toutes les entreprises ? Et [&hellip;]<\/p>\n","protected":false},"author":1,"featured_media":983,"comment_status":"open","ping_status":"closed","template":"","meta":{"_acf_changed":false,"_et_pb_use_builder":"","_et_pb_old_content":"","_et_gb_content_width":"","_monsterinsights_skip_tracking":false,"_monsterinsights_sitenote_active":false,"_monsterinsights_sitenote_note":"","_monsterinsights_sitenote_category":0,"_uf_show_specific_survey":0,"_uf_disable_surveys":false,"_price":"","_stock":"","_tribe_ticket_header":"","_tribe_default_ticket_provider":"","_tribe_ticket_capacity":"0","_ticket_start_date":"","_ticket_end_date":"","_tribe_ticket_show_description":"","_tribe_ticket_show_not_going":false,"_tribe_ticket_use_global_stock":"","_tribe_ticket_global_stock_level":"","_global_stock_mode":"","_global_stock_cap":"","_tribe_rsvp_for_event":"","_tribe_ticket_going_count":"","_tribe_ticket_not_going_count":"","_tribe_tickets_list":"[]","_tribe_ticket_has_attendee_info_fields":false,"_tribe_events_status":"","_tribe_events_status_reason":"","footnotes":""},"tags":[],"tribe_events_cat":[20],"class_list":["post-982","tribe_events","type-tribe_events","status-publish","has-post-thumbnail","hentry","tribe_events_cat-evenements-du-reseau","cat_evenements-du-reseau"],"acf":[],"aioseo_notices":[],"yoast_head":"<!-- This site is optimized with the Yoast SEO plugin v23.2 - https:\/\/yoast.com\/wordpress\/plugins\/seo\/ -->\n<title>Resiliences \u2b55\ufe0f Caf\u00e9 auto-organisation #1 - pr\u00e9f\u00e9rer les r\u00f4les aux fiches de poste - Agora D.O.D.E.S.<\/title>\n<meta name=\"robots\" content=\"index, follow, max-snippet:-1, max-image-preview:large, max-video-preview:-1\" \/>\n<link rel=\"canonical\" href=\"https:\/\/agora-dodes.fr\/event\/resiliences-cafe-auto-organisation-1-preferer-les-roles-aux-fiches-de-poste\/\" \/>\n<meta property=\"og:locale\" content=\"fr_FR\" \/>\n<meta property=\"og:type\" content=\"article\" \/>\n<meta property=\"og:title\" content=\"Resiliences \u2b55\ufe0f Caf\u00e9 auto-organisation #1 - pr\u00e9f\u00e9rer les r\u00f4les aux fiches de poste - Agora D.O.D.E.S.\" \/>\n<meta property=\"og:description\" content=\"Comment engager davantage ses collaborateurs ? Comment mettre en place une organisation qui favorise la prise d\u2019initiatives et la responsabilisation ? Est-ce vraiment possible dans toutes les entreprises ? Et [&hellip;]\" \/>\n<meta property=\"og:url\" content=\"https:\/\/agora-dodes.fr\/event\/resiliences-cafe-auto-organisation-1-preferer-les-roles-aux-fiches-de-poste\/\" \/>\n<meta property=\"og:site_name\" content=\"Agora D.O.D.E.S.\" \/>\n<meta property=\"article:modified_time\" content=\"2024-09-06T10:53:24+00:00\" \/>\n<meta property=\"og:image\" content=\"https:\/\/agora-dodes.fr\/wp-content\/uploads\/2024\/09\/https___cdn.evbuc_.com_images_823739289_1859442033933_1_original.png\" \/>\n\t<meta property=\"og:image:width\" content=\"940\" \/>\n\t<meta property=\"og:image:height\" content=\"470\" \/>\n\t<meta property=\"og:image:type\" content=\"image\/png\" \/>\n<meta name=\"twitter:card\" content=\"summary_large_image\" \/>\n<meta name=\"twitter:label1\" content=\"Dur\u00e9e de lecture estim\u00e9e\" \/>\n\t<meta name=\"twitter:data1\" content=\"1 minute\" \/>\n<script type=\"application\/ld+json\" class=\"yoast-schema-graph\">{\"@context\":\"https:\/\/schema.org\",\"@graph\":[{\"@type\":\"WebPage\",\"@id\":\"https:\/\/agora-dodes.fr\/event\/resiliences-cafe-auto-organisation-1-preferer-les-roles-aux-fiches-de-poste\/\",\"url\":\"https:\/\/agora-dodes.fr\/event\/resiliences-cafe-auto-organisation-1-preferer-les-roles-aux-fiches-de-poste\/\",\"name\":\"Resiliences \u2b55\ufe0f Caf\u00e9 auto-organisation #1 - pr\u00e9f\u00e9rer les r\u00f4les aux fiches de poste - Agora D.O.D.E.S.\",\"isPartOf\":{\"@id\":\"https:\/\/agora-dodes.fr\/#website\"},\"primaryImageOfPage\":{\"@id\":\"https:\/\/agora-dodes.fr\/event\/resiliences-cafe-auto-organisation-1-preferer-les-roles-aux-fiches-de-poste\/#primaryimage\"},\"image\":{\"@id\":\"https:\/\/agora-dodes.fr\/event\/resiliences-cafe-auto-organisation-1-preferer-les-roles-aux-fiches-de-poste\/#primaryimage\"},\"thumbnailUrl\":\"https:\/\/agora-dodes.fr\/wp-content\/uploads\/2024\/09\/https___cdn.evbuc_.com_images_823739289_1859442033933_1_original.png\",\"datePublished\":\"2024-09-06T10:51:42+00:00\",\"dateModified\":\"2024-09-06T10:53:24+00:00\",\"breadcrumb\":{\"@id\":\"https:\/\/agora-dodes.fr\/event\/resiliences-cafe-auto-organisation-1-preferer-les-roles-aux-fiches-de-poste\/#breadcrumb\"},\"inLanguage\":\"fr-FR\",\"potentialAction\":[{\"@type\":\"ReadAction\",\"target\":[\"https:\/\/agora-dodes.fr\/event\/resiliences-cafe-auto-organisation-1-preferer-les-roles-aux-fiches-de-poste\/\"]}]},{\"@type\":\"ImageObject\",\"inLanguage\":\"fr-FR\",\"@id\":\"https:\/\/agora-dodes.fr\/event\/resiliences-cafe-auto-organisation-1-preferer-les-roles-aux-fiches-de-poste\/#primaryimage\",\"url\":\"https:\/\/agora-dodes.fr\/wp-content\/uploads\/2024\/09\/https___cdn.evbuc_.com_images_823739289_1859442033933_1_original.png\",\"contentUrl\":\"https:\/\/agora-dodes.fr\/wp-content\/uploads\/2024\/09\/https___cdn.evbuc_.com_images_823739289_1859442033933_1_original.png\",\"width\":940,\"height\":470},{\"@type\":\"BreadcrumbList\",\"@id\":\"https:\/\/agora-dodes.fr\/event\/resiliences-cafe-auto-organisation-1-preferer-les-roles-aux-fiches-de-poste\/#breadcrumb\",\"itemListElement\":[{\"@type\":\"ListItem\",\"position\":1,\"name\":\"Accueil\",\"item\":\"https:\/\/agora-dodes.fr\/\"},{\"@type\":\"ListItem\",\"position\":2,\"name\":\"\u00c9v\u00e8nements\",\"item\":\"https:\/\/agora-dodes.fr\/events\/\"},{\"@type\":\"ListItem\",\"position\":3,\"name\":\"Resiliences \u2b55\ufe0f Caf\u00e9 auto-organisation #1 &#8211; pr\u00e9f\u00e9rer les r\u00f4les aux fiches de poste\"}]},{\"@type\":\"WebSite\",\"@id\":\"https:\/\/agora-dodes.fr\/#website\",\"url\":\"https:\/\/agora-dodes.fr\/\",\"name\":\"Agora D.O.D.E.S.\",\"description\":\"Dynamiques et Organisations de la D\u00e9mocratie Economique et Sociale\",\"publisher\":{\"@id\":\"https:\/\/agora-dodes.fr\/#organization\"},\"potentialAction\":[{\"@type\":\"SearchAction\",\"target\":{\"@type\":\"EntryPoint\",\"urlTemplate\":\"https:\/\/agora-dodes.fr\/?s={search_term_string}\"},\"query-input\":\"required name=search_term_string\"}],\"inLanguage\":\"fr-FR\"},{\"@type\":\"Organization\",\"@id\":\"https:\/\/agora-dodes.fr\/#organization\",\"name\":\"Agora D.O.D.E.S.\",\"url\":\"https:\/\/agora-dodes.fr\/\",\"logo\":{\"@type\":\"ImageObject\",\"inLanguage\":\"fr-FR\",\"@id\":\"https:\/\/agora-dodes.fr\/#\/schema\/logo\/image\/\",\"url\":\"https:\/\/agora-dodes.fr\/wp-content\/uploads\/2024\/07\/AGORA-DODES-Logo-1.png\",\"contentUrl\":\"https:\/\/agora-dodes.fr\/wp-content\/uploads\/2024\/07\/AGORA-DODES-Logo-1.png\",\"width\":1500,\"height\":1500,\"caption\":\"Agora D.O.D.E.S.\"},\"image\":{\"@id\":\"https:\/\/agora-dodes.fr\/#\/schema\/logo\/image\/\"},\"sameAs\":[\"https:\/\/www.linkedin.com\/company\/agora-dodes\"]}]}<\/script>\n<!-- \/ Yoast SEO plugin. -->","yoast_head_json":{"title":"Resiliences \u2b55\ufe0f Caf\u00e9 auto-organisation #1 - pr\u00e9f\u00e9rer les r\u00f4les aux fiches de poste - Agora D.O.D.E.S.","robots":{"index":"index","follow":"follow","max-snippet":"max-snippet:-1","max-image-preview":"max-image-preview:large","max-video-preview":"max-video-preview:-1"},"canonical":"https:\/\/agora-dodes.fr\/event\/resiliences-cafe-auto-organisation-1-preferer-les-roles-aux-fiches-de-poste\/","og_locale":"fr_FR","og_type":"article","og_title":"Resiliences \u2b55\ufe0f Caf\u00e9 auto-organisation #1 - pr\u00e9f\u00e9rer les r\u00f4les aux fiches de poste - Agora D.O.D.E.S.","og_description":"Comment engager davantage ses collaborateurs ? Comment mettre en place une organisation qui favorise la prise d\u2019initiatives et la responsabilisation ? Est-ce vraiment possible dans toutes les entreprises ? Et [&hellip;]","og_url":"https:\/\/agora-dodes.fr\/event\/resiliences-cafe-auto-organisation-1-preferer-les-roles-aux-fiches-de-poste\/","og_site_name":"Agora D.O.D.E.S.","article_modified_time":"2024-09-06T10:53:24+00:00","og_image":[{"width":940,"height":470,"url":"https:\/\/agora-dodes.fr\/wp-content\/uploads\/2024\/09\/https___cdn.evbuc_.com_images_823739289_1859442033933_1_original.png","type":"image\/png"}],"twitter_card":"summary_large_image","twitter_misc":{"Dur\u00e9e de lecture estim\u00e9e":"1 minute"},"schema":{"@context":"https:\/\/schema.org","@graph":[{"@type":"WebPage","@id":"https:\/\/agora-dodes.fr\/event\/resiliences-cafe-auto-organisation-1-preferer-les-roles-aux-fiches-de-poste\/","url":"https:\/\/agora-dodes.fr\/event\/resiliences-cafe-auto-organisation-1-preferer-les-roles-aux-fiches-de-poste\/","name":"Resiliences \u2b55\ufe0f Caf\u00e9 auto-organisation #1 - pr\u00e9f\u00e9rer les r\u00f4les aux fiches de poste - Agora D.O.D.E.S.","isPartOf":{"@id":"https:\/\/agora-dodes.fr\/#website"},"primaryImageOfPage":{"@id":"https:\/\/agora-dodes.fr\/event\/resiliences-cafe-auto-organisation-1-preferer-les-roles-aux-fiches-de-poste\/#primaryimage"},"image":{"@id":"https:\/\/agora-dodes.fr\/event\/resiliences-cafe-auto-organisation-1-preferer-les-roles-aux-fiches-de-poste\/#primaryimage"},"thumbnailUrl":"https:\/\/agora-dodes.fr\/wp-content\/uploads\/2024\/09\/https___cdn.evbuc_.com_images_823739289_1859442033933_1_original.png","datePublished":"2024-09-06T10:51:42+00:00","dateModified":"2024-09-06T10:53:24+00:00","breadcrumb":{"@id":"https:\/\/agora-dodes.fr\/event\/resiliences-cafe-auto-organisation-1-preferer-les-roles-aux-fiches-de-poste\/#breadcrumb"},"inLanguage":"fr-FR","potentialAction":[{"@type":"ReadAction","target":["https:\/\/agora-dodes.fr\/event\/resiliences-cafe-auto-organisation-1-preferer-les-roles-aux-fiches-de-poste\/"]}]},{"@type":"ImageObject","inLanguage":"fr-FR","@id":"https:\/\/agora-dodes.fr\/event\/resiliences-cafe-auto-organisation-1-preferer-les-roles-aux-fiches-de-poste\/#primaryimage","url":"https:\/\/agora-dodes.fr\/wp-content\/uploads\/2024\/09\/https___cdn.evbuc_.com_images_823739289_1859442033933_1_original.png","contentUrl":"https:\/\/agora-dodes.fr\/wp-content\/uploads\/2024\/09\/https___cdn.evbuc_.com_images_823739289_1859442033933_1_original.png","width":940,"height":470},{"@type":"BreadcrumbList","@id":"https:\/\/agora-dodes.fr\/event\/resiliences-cafe-auto-organisation-1-preferer-les-roles-aux-fiches-de-poste\/#breadcrumb","itemListElement":[{"@type":"ListItem","position":1,"name":"Accueil","item":"https:\/\/agora-dodes.fr\/"},{"@type":"ListItem","position":2,"name":"\u00c9v\u00e8nements","item":"https:\/\/agora-dodes.fr\/events\/"},{"@type":"ListItem","position":3,"name":"Resiliences \u2b55\ufe0f Caf\u00e9 auto-organisation #1 &#8211; pr\u00e9f\u00e9rer les r\u00f4les aux fiches de poste"}]},{"@type":"WebSite","@id":"https:\/\/agora-dodes.fr\/#website","url":"https:\/\/agora-dodes.fr\/","name":"Agora D.O.D.E.S.","description":"Dynamiques et Organisations de la D\u00e9mocratie Economique et Sociale","publisher":{"@id":"https:\/\/agora-dodes.fr\/#organization"},"potentialAction":[{"@type":"SearchAction","target":{"@type":"EntryPoint","urlTemplate":"https:\/\/agora-dodes.fr\/?s={search_term_string}"},"query-input":"required name=search_term_string"}],"inLanguage":"fr-FR"},{"@type":"Organization","@id":"https:\/\/agora-dodes.fr\/#organization","name":"Agora D.O.D.E.S.","url":"https:\/\/agora-dodes.fr\/","logo":{"@type":"ImageObject","inLanguage":"fr-FR","@id":"https:\/\/agora-dodes.fr\/#\/schema\/logo\/image\/","url":"https:\/\/agora-dodes.fr\/wp-content\/uploads\/2024\/07\/AGORA-DODES-Logo-1.png","contentUrl":"https:\/\/agora-dodes.fr\/wp-content\/uploads\/2024\/07\/AGORA-DODES-Logo-1.png","width":1500,"height":1500,"caption":"Agora D.O.D.E.S."},"image":{"@id":"https:\/\/agora-dodes.fr\/#\/schema\/logo\/image\/"},"sameAs":["https:\/\/www.linkedin.com\/company\/agora-dodes"]}]}},"ticketed":false,"_links":{"self":[{"href":"https:\/\/agora-dodes.fr\/wp-json\/wp\/v2\/tribe_events\/982","targetHints":{"allow":["GET"]}}],"collection":[{"href":"https:\/\/agora-dodes.fr\/wp-json\/wp\/v2\/tribe_events"}],"about":[{"href":"https:\/\/agora-dodes.fr\/wp-json\/wp\/v2\/types\/tribe_events"}],"author":[{"embeddable":true,"href":"https:\/\/agora-dodes.fr\/wp-json\/wp\/v2\/users\/1"}],"replies":[{"embeddable":true,"href":"https:\/\/agora-dodes.fr\/wp-json\/wp\/v2\/comments?post=982"}],"version-history":[{"count":1,"href":"https:\/\/agora-dodes.fr\/wp-json\/wp\/v2\/tribe_events\/982\/revisions"}],"predecessor-version":[{"id":985,"href":"https:\/\/agora-dodes.fr\/wp-json\/wp\/v2\/tribe_events\/982\/revisions\/985"}],"wp:featuredmedia":[{"embeddable":true,"href":"https:\/\/agora-dodes.fr\/wp-json\/wp\/v2\/media\/983"}],"wp:attachment":[{"href":"https:\/\/agora-dodes.fr\/wp-json\/wp\/v2\/media?parent=982"}],"wp:term":[{"taxonomy":"post_tag","embeddable":true,"href":"https:\/\/agora-dodes.fr\/wp-json\/wp\/v2\/tags?post=982"},{"taxonomy":"tribe_events_cat","embeddable":true,"href":"https:\/\/agora-dodes.fr\/wp-json\/wp\/v2\/tribe_events_cat?post=982"}],"curies":[{"name":"wp","href":"https:\/\/api.w.org\/{rel}","templated":true}]}}