{"id":972,"date":"2024-09-04T14:11:07","date_gmt":"2024-09-04T12:11:07","guid":{"rendered":"https:\/\/agora-dodes.fr\/?post_type=tribe_events&#038;p=972"},"modified":"2024-09-04T14:11:07","modified_gmt":"2024-09-04T12:11:07","slug":"lancement-en-francais-du-livre-le-pouvoir-pour-tous","status":"publish","type":"tribe_events","link":"https:\/\/agora-dodes.fr\/event\/lancement-en-francais-du-livre-le-pouvoir-pour-tous\/","title":{"rendered":"Lancement en Fran\u00e7ais du livre \u00ab\u00a0Le Pouvoir, Pour Tous !\u00a0\u00bb"},"content":{"rendered":"<p><strong>Le pouvoir attire et repousse, captive et r\u00e9vulse. Plus que jamais d\u2019actualit\u00e9, il est au c\u0153ur des plus grands chamboulements historiques et sociaux \u2013 et aussi de nos vies quotidiennes. Malgr\u00e9 cette omnipr\u00e9sence, il reste largement m\u00e9compris. S\u2019appuyant sur la recherche en sciences humaines et sociales, Julie Battilana et Tiziana Casciaro s\u2019appliquent \u00e0 tordre le cou aux id\u00e9es re\u00e7ues sur le pouvoir.<\/strong><\/p>\n","protected":false},"excerpt":{"rendered":"<p>Le pouvoir attire et repousse, captive et r\u00e9vulse. Plus que jamais d\u2019actualit\u00e9, il est au c\u0153ur des plus grands chamboulements historiques et sociaux \u2013 et aussi de nos vies quotidiennes. [&hellip;]<\/p>\n","protected":false},"author":1,"featured_media":977,"comment_status":"open","ping_status":"closed","template":"","meta":{"_acf_changed":false,"_et_pb_use_builder":"","_et_pb_old_content":"","_et_gb_content_width":"","_monsterinsights_skip_tracking":false,"_monsterinsights_sitenote_active":false,"_monsterinsights_sitenote_note":"","_monsterinsights_sitenote_category":0,"_uf_show_specific_survey":0,"_uf_disable_surveys":false,"_price":"","_stock":"","_tribe_ticket_header":"","_tribe_default_ticket_provider":"","_tribe_ticket_capacity":"0","_ticket_start_date":"","_ticket_end_date":"","_tribe_ticket_show_description":"","_tribe_ticket_show_not_going":false,"_tribe_ticket_use_global_stock":"","_tribe_ticket_global_stock_level":"","_global_stock_mode":"","_global_stock_cap":"","_tribe_rsvp_for_event":"","_tribe_ticket_going_count":"","_tribe_ticket_not_going_count":"","_tribe_tickets_list":"[]","_tribe_ticket_has_attendee_info_fields":false,"_tribe_events_status":"","_tribe_events_status_reason":"","footnotes":""},"tags":[],"tribe_events_cat":[20],"class_list":["post-972","tribe_events","type-tribe_events","status-publish","has-post-thumbnail","hentry","tribe_events_cat-evenements-du-reseau","cat_evenements-du-reseau"],"acf":[],"aioseo_notices":[],"yoast_head":"<!-- This site is optimized with the Yoast SEO plugin v23.2 - https:\/\/yoast.com\/wordpress\/plugins\/seo\/ -->\n<title>Lancement en Fran\u00e7ais du livre &quot;Le Pouvoir, Pour Tous !&quot; - Agora D.O.D.E.S.<\/title>\n<meta name=\"robots\" content=\"index, follow, max-snippet:-1, max-image-preview:large, max-video-preview:-1\" \/>\n<link rel=\"canonical\" href=\"https:\/\/agora-dodes.fr\/event\/lancement-en-francais-du-livre-le-pouvoir-pour-tous\/\" \/>\n<meta property=\"og:locale\" content=\"fr_FR\" \/>\n<meta property=\"og:type\" content=\"article\" \/>\n<meta property=\"og:title\" content=\"Lancement en Fran\u00e7ais du livre &quot;Le Pouvoir, Pour Tous !&quot; - Agora D.O.D.E.S.\" \/>\n<meta property=\"og:description\" content=\"Le pouvoir attire et repousse, captive et r\u00e9vulse. Plus que jamais d\u2019actualit\u00e9, il est au c\u0153ur des plus grands chamboulements historiques et sociaux \u2013 et aussi de nos vies quotidiennes. [&hellip;]\" \/>\n<meta property=\"og:url\" content=\"https:\/\/agora-dodes.fr\/event\/lancement-en-francais-du-livre-le-pouvoir-pour-tous\/\" \/>\n<meta property=\"og:site_name\" content=\"Agora D.O.D.E.S.\" \/>\n<meta property=\"og:image\" content=\"https:\/\/agora-dodes.fr\/wp-content\/uploads\/2024\/09\/4fe13ba1939f70f0eebc50dc41eb7cba.jpeg\" \/>\n\t<meta property=\"og:image:width\" content=\"418\" \/>\n\t<meta property=\"og:image:height\" content=\"643\" \/>\n\t<meta property=\"og:image:type\" content=\"image\/jpeg\" \/>\n<meta name=\"twitter:card\" content=\"summary_large_image\" \/>\n<meta name=\"twitter:label1\" content=\"Dur\u00e9e de lecture estim\u00e9e\" \/>\n\t<meta name=\"twitter:data1\" content=\"1 minute\" \/>\n<script type=\"application\/ld+json\" class=\"yoast-schema-graph\">{\"@context\":\"https:\/\/schema.org\",\"@graph\":[{\"@type\":\"WebPage\",\"@id\":\"https:\/\/agora-dodes.fr\/event\/lancement-en-francais-du-livre-le-pouvoir-pour-tous\/\",\"url\":\"https:\/\/agora-dodes.fr\/event\/lancement-en-francais-du-livre-le-pouvoir-pour-tous\/\",\"name\":\"Lancement en Fran\u00e7ais du livre \\\"Le Pouvoir, Pour Tous !\\\" - Agora D.O.D.E.S.\",\"isPartOf\":{\"@id\":\"https:\/\/agora-dodes.fr\/#website\"},\"primaryImageOfPage\":{\"@id\":\"https:\/\/agora-dodes.fr\/event\/lancement-en-francais-du-livre-le-pouvoir-pour-tous\/#primaryimage\"},\"image\":{\"@id\":\"https:\/\/agora-dodes.fr\/event\/lancement-en-francais-du-livre-le-pouvoir-pour-tous\/#primaryimage\"},\"thumbnailUrl\":\"https:\/\/agora-dodes.fr\/wp-content\/uploads\/2024\/09\/4fe13ba1939f70f0eebc50dc41eb7cba.jpeg\",\"datePublished\":\"2024-09-04T12:11:07+00:00\",\"dateModified\":\"2024-09-04T12:11:07+00:00\",\"breadcrumb\":{\"@id\":\"https:\/\/agora-dodes.fr\/event\/lancement-en-francais-du-livre-le-pouvoir-pour-tous\/#breadcrumb\"},\"inLanguage\":\"fr-FR\",\"potentialAction\":[{\"@type\":\"ReadAction\",\"target\":[\"https:\/\/agora-dodes.fr\/event\/lancement-en-francais-du-livre-le-pouvoir-pour-tous\/\"]}]},{\"@type\":\"ImageObject\",\"inLanguage\":\"fr-FR\",\"@id\":\"https:\/\/agora-dodes.fr\/event\/lancement-en-francais-du-livre-le-pouvoir-pour-tous\/#primaryimage\",\"url\":\"https:\/\/agora-dodes.fr\/wp-content\/uploads\/2024\/09\/4fe13ba1939f70f0eebc50dc41eb7cba.jpeg\",\"contentUrl\":\"https:\/\/agora-dodes.fr\/wp-content\/uploads\/2024\/09\/4fe13ba1939f70f0eebc50dc41eb7cba.jpeg\",\"width\":418,\"height\":643},{\"@type\":\"BreadcrumbList\",\"@id\":\"https:\/\/agora-dodes.fr\/event\/lancement-en-francais-du-livre-le-pouvoir-pour-tous\/#breadcrumb\",\"itemListElement\":[{\"@type\":\"ListItem\",\"position\":1,\"name\":\"Accueil\",\"item\":\"https:\/\/agora-dodes.fr\/\"},{\"@type\":\"ListItem\",\"position\":2,\"name\":\"\u00c9v\u00e8nements\",\"item\":\"https:\/\/agora-dodes.fr\/events\/\"},{\"@type\":\"ListItem\",\"position\":3,\"name\":\"Lancement en Fran\u00e7ais du livre \u00ab\u00a0Le Pouvoir, Pour Tous !\u00a0\u00bb\"}]},{\"@type\":\"WebSite\",\"@id\":\"https:\/\/agora-dodes.fr\/#website\",\"url\":\"https:\/\/agora-dodes.fr\/\",\"name\":\"Agora D.O.D.E.S.\",\"description\":\"Dynamiques et Organisations de la D\u00e9mocratie Economique et Sociale\",\"publisher\":{\"@id\":\"https:\/\/agora-dodes.fr\/#organization\"},\"potentialAction\":[{\"@type\":\"SearchAction\",\"target\":{\"@type\":\"EntryPoint\",\"urlTemplate\":\"https:\/\/agora-dodes.fr\/?s={search_term_string}\"},\"query-input\":\"required name=search_term_string\"}],\"inLanguage\":\"fr-FR\"},{\"@type\":\"Organization\",\"@id\":\"https:\/\/agora-dodes.fr\/#organization\",\"name\":\"Agora D.O.D.E.S.\",\"url\":\"https:\/\/agora-dodes.fr\/\",\"logo\":{\"@type\":\"ImageObject\",\"inLanguage\":\"fr-FR\",\"@id\":\"https:\/\/agora-dodes.fr\/#\/schema\/logo\/image\/\",\"url\":\"https:\/\/agora-dodes.fr\/wp-content\/uploads\/2024\/07\/AGORA-DODES-Logo-1.png\",\"contentUrl\":\"https:\/\/agora-dodes.fr\/wp-content\/uploads\/2024\/07\/AGORA-DODES-Logo-1.png\",\"width\":1500,\"height\":1500,\"caption\":\"Agora D.O.D.E.S.\"},\"image\":{\"@id\":\"https:\/\/agora-dodes.fr\/#\/schema\/logo\/image\/\"},\"sameAs\":[\"https:\/\/www.linkedin.com\/company\/agora-dodes\"]}]}<\/script>\n<!-- \/ Yoast SEO plugin. -->","yoast_head_json":{"title":"Lancement en Fran\u00e7ais du livre \"Le Pouvoir, Pour Tous !\" - Agora D.O.D.E.S.","robots":{"index":"index","follow":"follow","max-snippet":"max-snippet:-1","max-image-preview":"max-image-preview:large","max-video-preview":"max-video-preview:-1"},"canonical":"https:\/\/agora-dodes.fr\/event\/lancement-en-francais-du-livre-le-pouvoir-pour-tous\/","og_locale":"fr_FR","og_type":"article","og_title":"Lancement en Fran\u00e7ais du livre \"Le Pouvoir, Pour Tous !\" - Agora D.O.D.E.S.","og_description":"Le pouvoir attire et repousse, captive et r\u00e9vulse. Plus que jamais d\u2019actualit\u00e9, il est au c\u0153ur des plus grands chamboulements historiques et sociaux \u2013 et aussi de nos vies quotidiennes. [&hellip;]","og_url":"https:\/\/agora-dodes.fr\/event\/lancement-en-francais-du-livre-le-pouvoir-pour-tous\/","og_site_name":"Agora D.O.D.E.S.","og_image":[{"width":418,"height":643,"url":"https:\/\/agora-dodes.fr\/wp-content\/uploads\/2024\/09\/4fe13ba1939f70f0eebc50dc41eb7cba.jpeg","type":"image\/jpeg"}],"twitter_card":"summary_large_image","twitter_misc":{"Dur\u00e9e de lecture estim\u00e9e":"1 minute"},"schema":{"@context":"https:\/\/schema.org","@graph":[{"@type":"WebPage","@id":"https:\/\/agora-dodes.fr\/event\/lancement-en-francais-du-livre-le-pouvoir-pour-tous\/","url":"https:\/\/agora-dodes.fr\/event\/lancement-en-francais-du-livre-le-pouvoir-pour-tous\/","name":"Lancement en Fran\u00e7ais du livre \"Le Pouvoir, Pour Tous !\" - Agora D.O.D.E.S.","isPartOf":{"@id":"https:\/\/agora-dodes.fr\/#website"},"primaryImageOfPage":{"@id":"https:\/\/agora-dodes.fr\/event\/lancement-en-francais-du-livre-le-pouvoir-pour-tous\/#primaryimage"},"image":{"@id":"https:\/\/agora-dodes.fr\/event\/lancement-en-francais-du-livre-le-pouvoir-pour-tous\/#primaryimage"},"thumbnailUrl":"https:\/\/agora-dodes.fr\/wp-content\/uploads\/2024\/09\/4fe13ba1939f70f0eebc50dc41eb7cba.jpeg","datePublished":"2024-09-04T12:11:07+00:00","dateModified":"2024-09-04T12:11:07+00:00","breadcrumb":{"@id":"https:\/\/agora-dodes.fr\/event\/lancement-en-francais-du-livre-le-pouvoir-pour-tous\/#breadcrumb"},"inLanguage":"fr-FR","potentialAction":[{"@type":"ReadAction","target":["https:\/\/agora-dodes.fr\/event\/lancement-en-francais-du-livre-le-pouvoir-pour-tous\/"]}]},{"@type":"ImageObject","inLanguage":"fr-FR","@id":"https:\/\/agora-dodes.fr\/event\/lancement-en-francais-du-livre-le-pouvoir-pour-tous\/#primaryimage","url":"https:\/\/agora-dodes.fr\/wp-content\/uploads\/2024\/09\/4fe13ba1939f70f0eebc50dc41eb7cba.jpeg","contentUrl":"https:\/\/agora-dodes.fr\/wp-content\/uploads\/2024\/09\/4fe13ba1939f70f0eebc50dc41eb7cba.jpeg","width":418,"height":643},{"@type":"BreadcrumbList","@id":"https:\/\/agora-dodes.fr\/event\/lancement-en-francais-du-livre-le-pouvoir-pour-tous\/#breadcrumb","itemListElement":[{"@type":"ListItem","position":1,"name":"Accueil","item":"https:\/\/agora-dodes.fr\/"},{"@type":"ListItem","position":2,"name":"\u00c9v\u00e8nements","item":"https:\/\/agora-dodes.fr\/events\/"},{"@type":"ListItem","position":3,"name":"Lancement en Fran\u00e7ais du livre \u00ab\u00a0Le Pouvoir, Pour Tous !\u00a0\u00bb"}]},{"@type":"WebSite","@id":"https:\/\/agora-dodes.fr\/#website","url":"https:\/\/agora-dodes.fr\/","name":"Agora D.O.D.E.S.","description":"Dynamiques et Organisations de la D\u00e9mocratie Economique et Sociale","publisher":{"@id":"https:\/\/agora-dodes.fr\/#organization"},"potentialAction":[{"@type":"SearchAction","target":{"@type":"EntryPoint","urlTemplate":"https:\/\/agora-dodes.fr\/?s={search_term_string}"},"query-input":"required name=search_term_string"}],"inLanguage":"fr-FR"},{"@type":"Organization","@id":"https:\/\/agora-dodes.fr\/#organization","name":"Agora D.O.D.E.S.","url":"https:\/\/agora-dodes.fr\/","logo":{"@type":"ImageObject","inLanguage":"fr-FR","@id":"https:\/\/agora-dodes.fr\/#\/schema\/logo\/image\/","url":"https:\/\/agora-dodes.fr\/wp-content\/uploads\/2024\/07\/AGORA-DODES-Logo-1.png","contentUrl":"https:\/\/agora-dodes.fr\/wp-content\/uploads\/2024\/07\/AGORA-DODES-Logo-1.png","width":1500,"height":1500,"caption":"Agora D.O.D.E.S."},"image":{"@id":"https:\/\/agora-dodes.fr\/#\/schema\/logo\/image\/"},"sameAs":["https:\/\/www.linkedin.com\/company\/agora-dodes"]}]}},"ticketed":false,"_links":{"self":[{"href":"https:\/\/agora-dodes.fr\/wp-json\/wp\/v2\/tribe_events\/972","targetHints":{"allow":["GET"]}}],"collection":[{"href":"https:\/\/agora-dodes.fr\/wp-json\/wp\/v2\/tribe_events"}],"about":[{"href":"https:\/\/agora-dodes.fr\/wp-json\/wp\/v2\/types\/tribe_events"}],"author":[{"embeddable":true,"href":"https:\/\/agora-dodes.fr\/wp-json\/wp\/v2\/users\/1"}],"replies":[{"embeddable":true,"href":"https:\/\/agora-dodes.fr\/wp-json\/wp\/v2\/comments?post=972"}],"version-history":[{"count":2,"href":"https:\/\/agora-dodes.fr\/wp-json\/wp\/v2\/tribe_events\/972\/revisions"}],"predecessor-version":[{"id":978,"href":"https:\/\/agora-dodes.fr\/wp-json\/wp\/v2\/tribe_events\/972\/revisions\/978"}],"wp:featuredmedia":[{"embeddable":true,"href":"https:\/\/agora-dodes.fr\/wp-json\/wp\/v2\/media\/977"}],"wp:attachment":[{"href":"https:\/\/agora-dodes.fr\/wp-json\/wp\/v2\/media?parent=972"}],"wp:term":[{"taxonomy":"post_tag","embeddable":true,"href":"https:\/\/agora-dodes.fr\/wp-json\/wp\/v2\/tags?post=972"},{"taxonomy":"tribe_events_cat","embeddable":true,"href":"https:\/\/agora-dodes.fr\/wp-json\/wp\/v2\/tribe_events_cat?post=972"}],"curies":[{"name":"wp","href":"https:\/\/api.w.org\/{rel}","templated":true}]}}